{"id":7461,"date":"2025-04-14T16:21:43","date_gmt":"2025-04-14T14:21:43","guid":{"rendered":"https:\/\/www.priesteregg.at\/?page_id=7461"},"modified":"2025-05-12T09:27:29","modified_gmt":"2025-05-12T07:27:29","slug":"short-spontanous","status":"publish","type":"page","link":"https:\/\/www.priesteregg.at\/en\/short-spontanous\/","title":{"rendered":"short &#038; spontanous"},"content":{"rendered":"<div class=\"wpb-content-wrapper\"><p>[vc_row full_width=&#8221;stretch_row&#8221; css=&#8221;.vc_custom_1563788903427{margin-bottom: 30px !important;}&#8221;][vc_column width=&#8221;1\/5&#8243;][\/vc_column][vc_column width=&#8221;3\/5&#8243;][vc_column_text css=&#8221;&#8221;]<\/p>\n<h1 style=\"text-align: center;\">Priesteregg Soul Soothing<\/h1>\n<p style=\"text-align: center;\"><strong>Short breaks and spontaneous opportunities<\/strong><\/p>\n<hr \/>\n<p>[\/vc_column_text][vc_column_text css=&#8221;&#8221;]<\/p>\n<p style=\"text-align: center;\">They simply do you good. Small acts of kindness that sweeten life or special opportunities that are suddenly within reach. On this page, you&#8217;ll find our soul-soothers: <strong>short breaks<\/strong> (even under three nights) and <strong>spontaneous opportunities<\/strong>. We call them that because they caress the soul in a magical way, lure you unexpectedly into the mountains or hide your body and mind from the hustle and bustle of the world for a night or two.<\/p>\n<p style=\"text-align: center;\">Perhaps one of the dates fits perfectly into your everyday life. Then take the chance and come and visit us. We look forward to welcoming you to our heavenly corner of the world<\/p>\n<p>[\/vc_column_text][\/vc_column][vc_column width=&#8221;1\/5&#8243;][\/vc_column][\/vc_row][vc_row content_placement=&#8221;middle&#8221;][vc_column offset=&#8221;vc_col-lg-offset-1 vc_col-lg-10&#8243;][vc_row_inner equal_height=&#8221;yes&#8221; content_placement=&#8221;middle&#8221; css=&#8221;.vc_custom_1718199365119{border-top-width: 1px !important;border-right-width: 0px !important;border-bottom-width: 0px !important;border-left-width: 0px !important;padding-bottom: 10px !important;border-left-color: #000000 !important;border-left-style: solid !important;border-right-color: #000000 !important;border-right-style: solid !important;border-top-color: #000000 !important;border-top-style: solid !important;border-bottom-color: #000000 !important;border-bottom-style: solid !important;}&#8221;][vc_column_inner width=&#8221;1\/2&#8243; offset=&#8221;vc_col-xs-4&#8243;][vc_column_text css=&#8221;.vc_custom_1739784859343{margin-bottom: 21.73913043px !important;}&#8221;]<\/p>\n<h2>Seeh\u00fctte<\/h2>\n<p>[\/vc_column_text][\/vc_column_inner][vc_column_inner width=&#8221;1\/4&#8243; offset=&#8221;vc_col-xs-4&#8243;][vc_column_text css=&#8221;.vc_custom_1739784873652{margin-bottom: 21.73913043px !important;}&#8221;]<\/p>\n<p style=\"text-align: center;\"><strong>14.06.2025 &#8211; 16.06.2025<\/strong><\/p>\n<p>[\/vc_column_text][\/vc_column_inner][vc_column_inner width=&#8221;1\/4&#8243; offset=&#8221;vc_col-xs-4&#8243;][vc_btn title=&#8221;book now&#8221; style=&#8221;classic&#8221; color=&#8221;black&#8221; align=&#8221;right&#8221; css=&#8221;&#8221; link=&#8221;url:https%3A%2F%2Fonepagebooking.com%2Fpriestereggecoresort%3Farrival%3D14.06.2025%26departure%3D16.06.2025%26roomtype%3DSH05_2|target:_blank&#8221;][\/vc_column_inner][\/vc_row_inner][vc_row_inner equal_height=&#8221;yes&#8221; content_placement=&#8221;middle&#8221; css=&#8221;.vc_custom_1718199365119{border-top-width: 1px !important;border-right-width: 0px !important;border-bottom-width: 0px !important;border-left-width: 0px !important;padding-bottom: 10px !important;border-left-color: #000000 !important;border-left-style: solid !important;border-right-color: #000000 !important;border-right-style: solid !important;border-top-color: #000000 !important;border-top-style: solid !important;border-bottom-color: #000000 !important;border-bottom-style: solid !important;}&#8221;][vc_column_inner width=&#8221;1\/2&#8243; offset=&#8221;vc_col-xs-4&#8243;][vc_column_text css=&#8221;.vc_custom_1739784947039{margin-bottom: 21.73913043px !important;}&#8221;]<\/p>\n<h2>Premium Chalet<\/h2>\n<p>[\/vc_column_text][\/vc_column_inner][vc_column_inner width=&#8221;1\/4&#8243; offset=&#8221;vc_col-xs-4&#8243;][vc_column_text css=&#8221;.vc_custom_1739784873652{margin-bottom: 21.73913043px !important;}&#8221;]<\/p>\n<p style=\"text-align: center;\"><strong>14.06.2025 &#8211; 16.06.2025<\/strong><\/p>\n<p>[\/vc_column_text][\/vc_column_inner][vc_column_inner width=&#8221;1\/4&#8243; offset=&#8221;vc_col-xs-4&#8243;][vc_btn title=&#8221;book now&#8221; style=&#8221;classic&#8221; color=&#8221;black&#8221; align=&#8221;right&#8221; css=&#8221;&#8221; link=&#8221;url:https%3A%2F%2Fonepagebooking.com%2Fpriestereggecoresort%3Farrival%3D14.06.2025%26departure%3D16.06.2025%26roomtype%3DCH14_2|target:_blank&#8221;][\/vc_column_inner][\/vc_row_inner][vc_row_inner equal_height=&#8221;yes&#8221; content_placement=&#8221;middle&#8221; css=&#8221;.vc_custom_1718199365119{border-top-width: 1px !important;border-right-width: 0px !important;border-bottom-width: 0px !important;border-left-width: 0px !important;padding-bottom: 10px !important;border-left-color: #000000 !important;border-left-style: solid !important;border-right-color: #000000 !important;border-right-style: solid !important;border-top-color: #000000 !important;border-top-style: solid !important;border-bottom-color: #000000 !important;border-bottom-style: solid !important;}&#8221;][vc_column_inner width=&#8221;1\/2&#8243; offset=&#8221;vc_col-xs-4&#8243;][vc_column_text css=&#8221;.vc_custom_1739785000958{margin-bottom: 21.73913043px !important;}&#8221;]<\/p>\n<h2>Villa Wossa<\/h2>\n<p>[\/vc_column_text][\/vc_column_inner][vc_column_inner width=&#8221;1\/4&#8243; offset=&#8221;vc_col-xs-4&#8243;][vc_column_text css=&#8221;.vc_custom_1739785027061{margin-bottom: 21.73913043px !important;}&#8221;]<\/p>\n<p style=\"text-align: center;\"><strong>17.06.2025 &#8211; 19.06.2025<\/strong><\/p>\n<p>[\/vc_column_text][\/vc_column_inner][vc_column_inner width=&#8221;1\/4&#8243; offset=&#8221;vc_col-xs-4&#8243;][vc_btn title=&#8221;book now&#8221; style=&#8221;classic&#8221; color=&#8221;black&#8221; align=&#8221;right&#8221; css=&#8221;&#8221; link=&#8221;url:https%3A%2F%2Fonepagebooking.com%2Fpriestereggecoresort%3Farrival%3D17.06.2025%26departure%3D19.06.2025%26roomtype%3DCH13_2|target:_blank&#8221;][\/vc_column_inner][\/vc_row_inner][vc_row_inner equal_height=&#8221;yes&#8221; content_placement=&#8221;middle&#8221; css=&#8221;.vc_custom_1718199365119{border-top-width: 1px !important;border-right-width: 0px !important;border-bottom-width: 0px !important;border-left-width: 0px !important;padding-bottom: 10px !important;border-left-color: #000000 !important;border-left-style: solid !important;border-right-color: #000000 !important;border-right-style: solid !important;border-top-color: #000000 !important;border-top-style: solid !important;border-bottom-color: #000000 !important;border-bottom-style: solid !important;}&#8221;][vc_column_inner width=&#8221;1\/2&#8243; offset=&#8221;vc_col-xs-4&#8243;][vc_column_text css=&#8221;.vc_custom_1744092683055{margin-bottom: 21.73913043px !important;}&#8221;]<\/p>\n<h2>Seeh\u00fctte<\/h2>\n<p>[\/vc_column_text][\/vc_column_inner][vc_column_inner width=&#8221;1\/4&#8243; offset=&#8221;vc_col-xs-4&#8243;][vc_column_text css=&#8221;.vc_custom_1744092698024{margin-bottom: 21.73913043px !important;}&#8221;]<\/p>\n<p style=\"text-align: center;\"><strong>25.06.2025 &#8211; 27.06.2025<\/strong><\/p>\n<p>[\/vc_column_text][\/vc_column_inner][vc_column_inner width=&#8221;1\/4&#8243; offset=&#8221;vc_col-xs-4&#8243;][vc_btn title=&#8221;book now&#8221; style=&#8221;classic&#8221; color=&#8221;black&#8221; align=&#8221;right&#8221; css=&#8221;&#8221; link=&#8221;url:https%3A%2F%2Fonepagebooking.com%2Fpriestereggecoresort%3Farrival%3D25.06.2025%26departure%3D27.06.2025%26roomtype%3DSH05_2|target:_blank&#8221;][\/vc_column_inner][\/vc_row_inner][vc_row_inner equal_height=&#8221;yes&#8221; content_placement=&#8221;middle&#8221; css=&#8221;.vc_custom_1718199365119{border-top-width: 1px !important;border-right-width: 0px !important;border-bottom-width: 0px !important;border-left-width: 0px !important;padding-bottom: 10px !important;border-left-color: #000000 !important;border-left-style: solid !important;border-right-color: #000000 !important;border-right-style: solid !important;border-top-color: #000000 !important;border-top-style: solid !important;border-bottom-color: #000000 !important;border-bottom-style: solid !important;}&#8221;][vc_column_inner width=&#8221;1\/2&#8243; offset=&#8221;vc_col-xs-4&#8243;][vc_column_text css=&#8221;.vc_custom_1744092910089{margin-bottom: 21.73913043px !important;}&#8221;]<\/p>\n<h2>Premium Chalet<\/h2>\n<p>[\/vc_column_text][\/vc_column_inner][vc_column_inner width=&#8221;1\/4&#8243; offset=&#8221;vc_col-xs-4&#8243;][vc_column_text css=&#8221;.vc_custom_1744092937104{margin-bottom: 21.73913043px !important;}&#8221;]<\/p>\n<p style=\"text-align: center;\"><strong>24.07.2025 &#8211; 26.07.2025<\/strong><\/p>\n<p>[\/vc_column_text][\/vc_column_inner][vc_column_inner width=&#8221;1\/4&#8243; offset=&#8221;vc_col-xs-4&#8243;][vc_btn title=&#8221;book now&#8221; style=&#8221;classic&#8221; color=&#8221;black&#8221; align=&#8221;right&#8221; css=&#8221;&#8221; link=&#8221;url:https%3A%2F%2Fonepagebooking.com%2Fpriestereggecoresort%3Farrival%3D24.07.2025%26departure%3D26.07.2025%26roomtype%3DCH08_2|target:_blank&#8221;][\/vc_column_inner][\/vc_row_inner][vc_row_inner equal_height=&#8221;yes&#8221; content_placement=&#8221;middle&#8221; css=&#8221;.vc_custom_1718199365119{border-top-width: 1px !important;border-right-width: 0px !important;border-bottom-width: 0px !important;border-left-width: 0px !important;padding-bottom: 10px !important;border-left-color: #000000 !important;border-left-style: solid !important;border-right-color: #000000 !important;border-right-style: solid !important;border-top-color: #000000 !important;border-top-style: solid !important;border-bottom-color: #000000 !important;border-bottom-style: solid !important;}&#8221;][vc_column_inner width=&#8221;1\/2&#8243; offset=&#8221;vc_col-xs-4&#8243;][vc_column_text css=&#8221;.vc_custom_1744093032748{margin-bottom: 21.73913043px !important;}&#8221;]<\/p>\n<h2>Villa Etaner<\/h2>\n<p>[\/vc_column_text][\/vc_column_inner][vc_column_inner width=&#8221;1\/4&#8243; offset=&#8221;vc_col-xs-4&#8243;][vc_column_text css=&#8221;.vc_custom_1744093052074{margin-bottom: 21.73913043px !important;}&#8221;]<\/p>\n<p style=\"text-align: center;\"><strong>27.08.2025 &#8211; 29.08.2025<\/strong><\/p>\n<p>[\/vc_column_text][\/vc_column_inner][vc_column_inner width=&#8221;1\/4&#8243; offset=&#8221;vc_col-xs-4&#8243;][vc_btn title=&#8221;book now&#8221; style=&#8221;classic&#8221; color=&#8221;black&#8221; align=&#8221;right&#8221; css=&#8221;&#8221; link=&#8221;url:https%3A%2F%2Fonepagebooking.com%2Fpriestereggecoresort%3Farrival%3D27.08.2025%26departure%3D29.08.2025%26roomtype%3DCH18_2|target:_blank&#8221;][\/vc_column_inner][\/vc_row_inner][vc_row_inner equal_height=&#8221;yes&#8221; content_placement=&#8221;middle&#8221; css=&#8221;.vc_custom_1718199365119{border-top-width: 1px !important;border-right-width: 0px !important;border-bottom-width: 0px !important;border-left-width: 0px !important;padding-bottom: 10px !important;border-left-color: #000000 !important;border-left-style: solid !important;border-right-color: #000000 !important;border-right-style: solid !important;border-top-color: #000000 !important;border-top-style: solid !important;border-bottom-color: #000000 !important;border-bottom-style: solid !important;}&#8221;][vc_column_inner width=&#8221;1\/2&#8243; offset=&#8221;vc_col-xs-4&#8243;][vc_column_text css=&#8221;.vc_custom_1744094470023{margin-bottom: 21.73913043px !important;}&#8221;]<\/p>\n<h2>Premium Chalet<\/h2>\n<p>[\/vc_column_text][\/vc_column_inner][vc_column_inner width=&#8221;1\/4&#8243; offset=&#8221;vc_col-xs-4&#8243;][vc_column_text css=&#8221;.vc_custom_1744094496003{margin-bottom: 21.73913043px !important;}&#8221;]<\/p>\n<p style=\"text-align: center;\"><strong>30.08.2025 &#8211; 01.09.2025<\/strong><\/p>\n<p>[\/vc_column_text][\/vc_column_inner][vc_column_inner width=&#8221;1\/4&#8243; offset=&#8221;vc_col-xs-4&#8243;][vc_btn title=&#8221;book now&#8221; style=&#8221;classic&#8221; color=&#8221;black&#8221; align=&#8221;right&#8221; css=&#8221;&#8221; link=&#8221;url:https%3A%2F%2Fonepagebooking.com%2Fpriestereggecoresort%3Farrival%3D30.08.2025%26departure%3D01.09.2025%26roomtype%3DCH10_2|target:_blank&#8221;][\/vc_column_inner][\/vc_row_inner][\/vc_column][\/vc_row][vc_row content_placement=&#8221;middle&#8221;][vc_column offset=&#8221;vc_col-lg-offset-1 vc_col-lg-10&#8243; css=&#8221;.vc_custom_1736433422069{padding-right: 0px !important;padding-left: 0px !important;}&#8221;][vc_separator color=&#8221;black&#8221; css=&#8221;&#8221;][vc_empty_space height=&#8221;60px&#8221;][\/vc_column][\/vc_row][vc_row][vc_column width=&#8221;1\/2&#8243;][vc_single_image image=&#8221;7790&#8243; img_size=&#8221;full&#8221; css=&#8221;&#8221;][\/vc_column][vc_column width=&#8221;1\/2&#8243;][vc_column_text css=&#8221;&#8221;]<\/p>\n<h2>Kuscheltage<\/h2>\n<p>Ein paar Tage die Seele baumeln lassen, sich bei einer Massage verw\u00f6hnen lassen und romantische Abende zu Zweit verbringen: unsere <a href=\"https:\/\/www.priesteregg.at\/en\/angebote-pakete\/\">Kuscheltage <\/a>sind die perfekte Gelegenheit, um vor der kalten Jahreszeit noch mal richtig Energie zu sammeln.<\/p>\n<ul>\n<li>1 Massage pro Person<\/li>\n<li>1 Candle Light Dinner im Chalet<\/li>\n<li>1 gem\u00fctliches Abendessen in Huwi`s Alm<\/li>\n<li>uvm.<\/li>\n<\/ul>\n<p><a href=\"https:\/\/www.priesteregg.at\/en\/angebote-pakete\/\">&gt;&gt; Zu den Kuscheltagen<\/a>[\/vc_column_text][\/vc_column][\/vc_row][vc_row][vc_column][vc_empty_space height=&#8221;60px&#8221;][\/vc_column][\/vc_row]<\/p>\n<\/div>","protected":false},"excerpt":{"rendered":"<p>[vc_row full_width=&#8221;stretch_row&#8221; css=&#8221;.vc_custom_1563788903427{margin-bottom: 30px !important;}&#8221;][vc_column width=&#8221;1\/5&#8243;][\/vc_column][vc_column width=&#8221;3\/5&#8243;][vc_column_text css=&#8221;&#8221;] Priesteregg Soul Soothing Short breaks and spontaneous opportunities [\/vc_column_text][vc_column_text css=&#8221;&#8221;] They simply do you good. Small acts of kindness that sweeten life or special opportunities that are suddenly within reach. On this page, you&#8217;ll find our soul-soothers: short breaks (even under three nights) and spontaneous opportunities. We [&hellip;]<\/p>\n","protected":false},"author":1,"featured_media":0,"parent":0,"menu_order":17,"comment_status":"closed","ping_status":"closed","template":"","meta":{"_acf_changed":false,"footnotes":""},"class_list":["post-7461","page","type-page","status-publish","hentry"],"acf":[],"yoast_head":"<!-- This site is optimized with the Yoast SEO plugin v25.4 - https:\/\/yoast.com\/wordpress\/plugins\/seo\/ -->\n<title>Kurz-Auszeiten &amp; Spontan-M\u00f6glichkeiten | PRIESTEREGG<\/title>\n<meta name=\"description\" content=\"Unsere Verf\u00fcgbarkeiten f\u00fcr Spontan-Urlauber und alle, die auf der Suche nach dem perfekten Kurzurlaub sind!\" \/>\n<meta name=\"robots\" content=\"index, follow, max-snippet:-1, max-image-preview:large, max-video-preview:-1\" \/>\n<link rel=\"canonical\" href=\"https:\/\/www.priesteregg.at\/en\/short-spontanous\/\" \/>\n<meta property=\"og:locale\" content=\"en_US\" \/>\n<meta property=\"og:type\" content=\"article\" \/>\n<meta property=\"og:title\" content=\"Kurz-Auszeiten &amp; Spontan-M\u00f6glichkeiten | PRIESTEREGG\" \/>\n<meta property=\"og:description\" content=\"Unsere Verf\u00fcgbarkeiten f\u00fcr Spontan-Urlauber und alle, die auf der Suche nach dem perfekten Kurzurlaub sind!\" \/>\n<meta property=\"og:url\" content=\"https:\/\/www.priesteregg.at\/en\/short-spontanous\/\" \/>\n<meta property=\"og:site_name\" content=\"Bergdorf Priesteregg\" \/>\n<meta property=\"article:modified_time\" content=\"2025-05-12T07:27:29+00:00\" \/>\n<meta property=\"og:image\" content=\"https:\/\/www.priesteregg.at\/wp-content\/uploads\/priesteregg-chalet-luxus-ski-oesterreich-berge-winter-hotel-8.jpg\" \/>\n\t<meta property=\"og:image:width\" content=\"768\" \/>\n\t<meta property=\"og:image:height\" content=\"768\" \/>\n\t<meta property=\"og:image:type\" content=\"image\/jpeg\" \/>\n<meta name=\"twitter:card\" content=\"summary_large_image\" \/>\n<meta name=\"twitter:label1\" content=\"Est. reading time\" \/>\n\t<meta name=\"twitter:data1\" content=\"4 minutes\" \/>\n<script type=\"application\/ld+json\" class=\"yoast-schema-graph\">{\"@context\":\"https:\/\/schema.org\",\"@graph\":[{\"@type\":\"WebPage\",\"@id\":\"https:\/\/www.priesteregg.at\/en\/short-spontanous\/\",\"url\":\"https:\/\/www.priesteregg.at\/en\/short-spontanous\/\",\"name\":\"Kurz-Auszeiten & Spontan-M\u00f6glichkeiten | PRIESTEREGG\",\"isPartOf\":{\"@id\":\"https:\/\/www.priesteregg.at\/#website\"},\"datePublished\":\"2025-04-14T14:21:43+00:00\",\"dateModified\":\"2025-05-12T07:27:29+00:00\",\"description\":\"Unsere Verf\u00fcgbarkeiten f\u00fcr Spontan-Urlauber und alle, die auf der Suche nach dem perfekten Kurzurlaub sind!\",\"breadcrumb\":{\"@id\":\"https:\/\/www.priesteregg.at\/en\/short-spontanous\/#breadcrumb\"},\"inLanguage\":\"en-US\",\"potentialAction\":[{\"@type\":\"ReadAction\",\"target\":[\"https:\/\/www.priesteregg.at\/en\/short-spontanous\/\"]}]},{\"@type\":\"BreadcrumbList\",\"@id\":\"https:\/\/www.priesteregg.at\/en\/short-spontanous\/#breadcrumb\",\"itemListElement\":[{\"@type\":\"ListItem\",\"position\":1,\"name\":\"Startseite\",\"item\":\"https:\/\/www.priesteregg.at\/en\/\"},{\"@type\":\"ListItem\",\"position\":2,\"name\":\"short &#038; spontanous\"}]},{\"@type\":\"WebSite\",\"@id\":\"https:\/\/www.priesteregg.at\/#website\",\"url\":\"https:\/\/www.priesteregg.at\/\",\"name\":\"Bergdorf Priesteregg\",\"description\":\"Chalet, Bergh\u00fctte und Almh\u00fctten Urlaub in Leogang im Salzburger Land, \u00d6sterreich\",\"potentialAction\":[{\"@type\":\"SearchAction\",\"target\":{\"@type\":\"EntryPoint\",\"urlTemplate\":\"https:\/\/www.priesteregg.at\/?s={search_term_string}\"},\"query-input\":{\"@type\":\"PropertyValueSpecification\",\"valueRequired\":true,\"valueName\":\"search_term_string\"}}],\"inLanguage\":\"en-US\"}]}<\/script>\n<!-- \/ Yoast SEO plugin. -->","yoast_head_json":{"title":"Kurz-Auszeiten & Spontan-M\u00f6glichkeiten | PRIESTEREGG","description":"Unsere Verf\u00fcgbarkeiten f\u00fcr Spontan-Urlauber und alle, die auf der Suche nach dem perfekten Kurzurlaub sind!","robots":{"index":"index","follow":"follow","max-snippet":"max-snippet:-1","max-image-preview":"max-image-preview:large","max-video-preview":"max-video-preview:-1"},"canonical":"https:\/\/www.priesteregg.at\/en\/short-spontanous\/","og_locale":"en_US","og_type":"article","og_title":"Kurz-Auszeiten & Spontan-M\u00f6glichkeiten | PRIESTEREGG","og_description":"Unsere Verf\u00fcgbarkeiten f\u00fcr Spontan-Urlauber und alle, die auf der Suche nach dem perfekten Kurzurlaub sind!","og_url":"https:\/\/www.priesteregg.at\/en\/short-spontanous\/","og_site_name":"Bergdorf Priesteregg","article_modified_time":"2025-05-12T07:27:29+00:00","og_image":[{"width":768,"height":768,"url":"https:\/\/www.priesteregg.at\/wp-content\/uploads\/priesteregg-chalet-luxus-ski-oesterreich-berge-winter-hotel-8.jpg","type":"image\/jpeg"}],"twitter_card":"summary_large_image","twitter_misc":{"Est. reading time":"4 minutes"},"schema":{"@context":"https:\/\/schema.org","@graph":[{"@type":"WebPage","@id":"https:\/\/www.priesteregg.at\/en\/short-spontanous\/","url":"https:\/\/www.priesteregg.at\/en\/short-spontanous\/","name":"Kurz-Auszeiten & Spontan-M\u00f6glichkeiten | PRIESTEREGG","isPartOf":{"@id":"https:\/\/www.priesteregg.at\/#website"},"datePublished":"2025-04-14T14:21:43+00:00","dateModified":"2025-05-12T07:27:29+00:00","description":"Unsere Verf\u00fcgbarkeiten f\u00fcr Spontan-Urlauber und alle, die auf der Suche nach dem perfekten Kurzurlaub sind!","breadcrumb":{"@id":"https:\/\/www.priesteregg.at\/en\/short-spontanous\/#breadcrumb"},"inLanguage":"en-US","potentialAction":[{"@type":"ReadAction","target":["https:\/\/www.priesteregg.at\/en\/short-spontanous\/"]}]},{"@type":"BreadcrumbList","@id":"https:\/\/www.priesteregg.at\/en\/short-spontanous\/#breadcrumb","itemListElement":[{"@type":"ListItem","position":1,"name":"Startseite","item":"https:\/\/www.priesteregg.at\/en\/"},{"@type":"ListItem","position":2,"name":"short &#038; spontanous"}]},{"@type":"WebSite","@id":"https:\/\/www.priesteregg.at\/#website","url":"https:\/\/www.priesteregg.at\/","name":"Bergdorf Priesteregg","description":"Chalet, Bergh\u00fctte und Almh\u00fctten Urlaub in Leogang im Salzburger Land, \u00d6sterreich","potentialAction":[{"@type":"SearchAction","target":{"@type":"EntryPoint","urlTemplate":"https:\/\/www.priesteregg.at\/?s={search_term_string}"},"query-input":{"@type":"PropertyValueSpecification","valueRequired":true,"valueName":"search_term_string"}}],"inLanguage":"en-US"}]}},"_links":{"self":[{"href":"https:\/\/www.priesteregg.at\/en\/wp-json\/wp\/v2\/pages\/7461","targetHints":{"allow":["GET"]}}],"collection":[{"href":"https:\/\/www.priesteregg.at\/en\/wp-json\/wp\/v2\/pages"}],"about":[{"href":"https:\/\/www.priesteregg.at\/en\/wp-json\/wp\/v2\/types\/page"}],"author":[{"embeddable":true,"href":"https:\/\/www.priesteregg.at\/en\/wp-json\/wp\/v2\/users\/1"}],"replies":[{"embeddable":true,"href":"https:\/\/www.priesteregg.at\/en\/wp-json\/wp\/v2\/comments?post=7461"}],"version-history":[{"count":8,"href":"https:\/\/www.priesteregg.at\/en\/wp-json\/wp\/v2\/pages\/7461\/revisions"}],"predecessor-version":[{"id":8750,"href":"https:\/\/www.priesteregg.at\/en\/wp-json\/wp\/v2\/pages\/7461\/revisions\/8750"}],"wp:attachment":[{"href":"https:\/\/www.priesteregg.at\/en\/wp-json\/wp\/v2\/media?parent=7461"}],"curies":[{"name":"wp","href":"https:\/\/api.w.org\/{rel}","templated":true}]}}